{"id":17,"date":"2023-07-25T11:17:35","date_gmt":"2023-07-25T09:17:35","guid":{"rendered":"https:\/\/serveunai.it\/progetti\/?page_id=17"},"modified":"2024-06-07T10:31:33","modified_gmt":"2024-06-07T08:31:33","slug":"home","status":"publish","type":"page","link":"https:\/\/serveunai.it\/progetti\/","title":{"rendered":"Home"},"content":{"rendered":"\t\t<div data-elementor-type=\"wp-page\" data-elementor-id=\"17\" class=\"elementor elementor-17\" data-elementor-post-type=\"page\">\n\t\t\t\t\t\t\t<div class=\"elementor-element elementor-element-f2160d1 e-flex e-con-boxed e-con\" data-id=\"f2160d1\" data-element_type=\"container\" data-settings=\"{&quot;background_background&quot;:&quot;classic&quot;,&quot;content_width&quot;:&quot;boxed&quot;}\">\n\t\t\t\t\t<div class=\"e-con-inner\">\n\t\t\t\t<div class=\"elementor-element elementor-element-9fa0fb1 elementor-invisible elementor-widget elementor-widget-image\" data-id=\"9fa0fb1\" data-element_type=\"widget\" data-settings=\"{&quot;_animation&quot;:&quot;fadeInUp&quot;}\" data-widget_type=\"image.default\">\n\t\t\t\t<div class=\"elementor-widget-container\">\n\t\t\t<style>\/*! elementor - v3.14.0 - 26-06-2023 *\/\n.elementor-widget-image{text-align:center}.elementor-widget-image a{display:inline-block}.elementor-widget-image a img[src$=\".svg\"]{width:48px}.elementor-widget-image img{vertical-align:middle;display:inline-block}<\/style>\t\t\t\t\t\t\t\t\t\t\t\t<img loading=\"lazy\" decoding=\"async\" width=\"677\" height=\"234\" src=\"https:\/\/serveunai.it\/progetti\/wp-content\/uploads\/2023\/07\/logo.svg\" class=\"attachment-large size-large wp-image-6\" alt=\"\" \/>\t\t\t\t\t\t\t\t\t\t\t\t\t\t\t<\/div>\n\t\t\t\t<\/div>\n\t\t\t\t<div class=\"elementor-element elementor-element-4dd0f5f elementor-widget__width-initial elementor-invisible elementor-widget elementor-widget-text-editor\" data-id=\"4dd0f5f\" data-element_type=\"widget\" data-settings=\"{&quot;_animation&quot;:&quot;fadeInUp&quot;,&quot;_animation_delay&quot;:300}\" data-widget_type=\"text-editor.default\">\n\t\t\t\t<div class=\"elementor-widget-container\">\n\t\t\t<style>\/*! elementor - v3.14.0 - 26-06-2023 *\/\n.elementor-widget-text-editor.elementor-drop-cap-view-stacked .elementor-drop-cap{background-color:#69727d;color:#fff}.elementor-widget-text-editor.elementor-drop-cap-view-framed .elementor-drop-cap{color:#69727d;border:3px solid;background-color:transparent}.elementor-widget-text-editor:not(.elementor-drop-cap-view-default) .elementor-drop-cap{margin-top:8px}.elementor-widget-text-editor:not(.elementor-drop-cap-view-default) .elementor-drop-cap-letter{width:1em;height:1em}.elementor-widget-text-editor .elementor-drop-cap{float:left;text-align:center;line-height:1;font-size:50px}.elementor-widget-text-editor .elementor-drop-cap-letter{display:inline-block}<\/style>\t\t\t\t<p>Vivi o vorresti vivere un paese rurale? Hai un\u2019Idea per ri-generarlo? Hai un progetto per valorizzare i beni comuni del nostro territorio? Sei un cittadino, un\u2019associazione, un\u2019impresa, una scuola, un ente pubblico?<br \/>Fai rete. Partecipa ai laboratori.<\/p>\t\t\t\t\t\t<\/div>\n\t\t\t\t<\/div>\n\t\t\t\t<div class=\"elementor-element elementor-element-2d64314 elementor-widget elementor-widget-spacer\" data-id=\"2d64314\" data-element_type=\"widget\" data-widget_type=\"spacer.default\">\n\t\t\t\t<div class=\"elementor-widget-container\">\n\t\t\t<style>\/*! elementor - v3.14.0 - 26-06-2023 *\/\n.elementor-column .elementor-spacer-inner{height:var(--spacer-size)}.e-con{--container-widget-width:100%}.e-con-inner>.elementor-widget-spacer,.e-con>.elementor-widget-spacer{width:var(--container-widget-width,var(--spacer-size));--align-self:var(--container-widget-align-self,initial);--flex-shrink:0}.e-con-inner>.elementor-widget-spacer>.elementor-widget-container,.e-con-inner>.elementor-widget-spacer>.elementor-widget-container>.elementor-spacer,.e-con>.elementor-widget-spacer>.elementor-widget-container,.e-con>.elementor-widget-spacer>.elementor-widget-container>.elementor-spacer{height:100%}.e-con-inner>.elementor-widget-spacer>.elementor-widget-container>.elementor-spacer>.elementor-spacer-inner,.e-con>.elementor-widget-spacer>.elementor-widget-container>.elementor-spacer>.elementor-spacer-inner{height:var(--container-widget-height,var(--spacer-size))}<\/style>\t\t<div class=\"elementor-spacer\">\n\t\t\t<div class=\"elementor-spacer-inner\"><\/div>\n\t\t<\/div>\n\t\t\t\t<\/div>\n\t\t\t\t<\/div>\n\t\t<div class=\"elementor-element elementor-element-ab6c661 e-flex e-con-boxed e-con\" data-id=\"ab6c661\" data-element_type=\"container\" data-settings=\"{&quot;content_width&quot;:&quot;boxed&quot;}\">\n\t\t\t\t\t<div class=\"e-con-inner\">\n\t\t<div class=\"elementor-element elementor-element-7f2e62e e-con-full elementor-hidden-mobile e-flex e-con\" data-id=\"7f2e62e\" data-element_type=\"container\" data-settings=\"{&quot;content_width&quot;:&quot;full&quot;}\">\n\t\t\t\t<\/div>\n\t\t<div class=\"elementor-element elementor-element-05504fa e-con-full e-flex e-con\" data-id=\"05504fa\" data-element_type=\"container\" data-settings=\"{&quot;content_width&quot;:&quot;full&quot;}\">\n\t\t\t\t<div class=\"elementor-element elementor-element-90aca7d elementor-widget elementor-widget-image\" data-id=\"90aca7d\" data-element_type=\"widget\" data-widget_type=\"image.default\">\n\t\t\t\t<div class=\"elementor-widget-container\">\n\t\t\t\t\t\t\t\t\t\t\t\t\t\t\t<img loading=\"lazy\" decoding=\"async\" width=\"35\" height=\"30\" src=\"https:\/\/serveunai.it\/progetti\/wp-content\/uploads\/2023\/07\/arrow.svg\" class=\"attachment-large size-large wp-image-20\" alt=\"\" \/>\t\t\t\t\t\t\t\t\t\t\t\t\t\t\t<\/div>\n\t\t\t\t<\/div>\n\t\t\t\t<\/div>\n\t\t<div class=\"elementor-element elementor-element-f75e611 e-con-full elementor-hidden-mobile e-flex e-con\" data-id=\"f75e611\" data-element_type=\"container\" data-settings=\"{&quot;content_width&quot;:&quot;full&quot;}\">\n\t\t\t\t<\/div>\n\t\t\t\t\t<\/div>\n\t\t\t\t<\/div>\n\t\t\t\t\t<\/div>\n\t\t\t\t<\/div>\n\t\t<div class=\"elementor-element elementor-element-c64eef9 e-flex e-con-boxed e-con\" data-id=\"c64eef9\" data-element_type=\"container\" data-settings=\"{&quot;content_width&quot;:&quot;boxed&quot;}\">\n\t\t\t\t\t<div class=\"e-con-inner\">\n\t\t\t\t<div class=\"elementor-element elementor-element-8ef601f elementor-invisible elementor-widget elementor-widget-heading\" data-id=\"8ef601f\" data-element_type=\"widget\" data-settings=\"{&quot;_animation&quot;:&quot;fadeInUp&quot;}\" data-widget_type=\"heading.default\">\n\t\t\t\t<div class=\"elementor-widget-container\">\n\t\t\t<style>\/*! elementor - v3.14.0 - 26-06-2023 *\/\n.elementor-heading-title{padding:0;margin:0;line-height:1}.elementor-widget-heading .elementor-heading-title[class*=elementor-size-]>a{color:inherit;font-size:inherit;line-height:inherit}.elementor-widget-heading .elementor-heading-title.elementor-size-small{font-size:15px}.elementor-widget-heading .elementor-heading-title.elementor-size-medium{font-size:19px}.elementor-widget-heading .elementor-heading-title.elementor-size-large{font-size:29px}.elementor-widget-heading .elementor-heading-title.elementor-size-xl{font-size:39px}.elementor-widget-heading .elementor-heading-title.elementor-size-xxl{font-size:59px}<\/style><h2 class=\"elementor-heading-title elementor-size-default\">chi \u00e8 il gal?<\/h2>\t\t<\/div>\n\t\t\t\t<\/div>\n\t\t\t\t<div class=\"elementor-element elementor-element-c27cfb0 elementor-invisible elementor-widget elementor-widget-text-editor\" data-id=\"c27cfb0\" data-element_type=\"widget\" data-settings=\"{&quot;_animation&quot;:&quot;fadeInUp&quot;,&quot;_animation_delay&quot;:300}\" data-widget_type=\"text-editor.default\">\n\t\t\t\t<div class=\"elementor-widget-container\">\n\t\t\t\t\t\t\t<p>Il GAL MontagnAppenninp gestisce i fondi europei per lo sviluppo dei territori rurali e attua la strategia di sviluppo locale e la realizzazione di progetti di cooperazione per favorire il miglioramento della competitivit\u00e0 agricola e forestale, dell\u2019ambiente e dello spazio rurale e della qualit\u00e0 della vita coinvolgendo enti pubblici, aziende private ed associazioni dei territori montani delle provincie di Lucca e Pistoia.<\/p>\t\t\t\t\t\t<\/div>\n\t\t\t\t<\/div>\n\t\t\t\t<div class=\"elementor-element elementor-element-a6c04d8 elementor-align-center elementor-widget__width-initial elementor-widget elementor-widget-button\" data-id=\"a6c04d8\" data-element_type=\"widget\" data-widget_type=\"button.default\">\n\t\t\t\t<div class=\"elementor-widget-container\">\n\t\t\t\t\t<div class=\"elementor-button-wrapper\">\n\t\t\t<a class=\"elementor-button elementor-button-link elementor-size-sm elementor-animation-shrink\" href=\"https:\/\/serveunai.it\/chi-siamo.php\">\n\t\t\t\t\t\t<span class=\"elementor-button-content-wrapper\">\n\t\t\t\t\t\t<span class=\"elementor-button-icon elementor-align-icon-right\">\n\t\t\t\t<svg xmlns=\"http:\/\/www.w3.org\/2000\/svg\" viewBox=\"0 0 10.28 12.56\"><title>Risorsa 3<\/title><g id=\"Livello_2\" data-name=\"Livello 2\"><g id=\"Livello_1-2\" data-name=\"Livello 1\"><path d=\"M.27,12.56c-.18,0-.27-.11-.27-.32V8.63a.41.41,0,0,1,.3-.42L5.41,6.38c.07,0,.1-.07.1-.11s0-.07-.1-.09L.3,4.35A.43.43,0,0,1,0,3.93V.32A.29.29,0,0,1,.14,0a.29.29,0,0,1,.31,0L10,4.18a.42.42,0,0,1,.27.42V8a.46.46,0,0,1-.27.42L.45,12.51Z\" style=\"fill: #c43333\"><\/path><\/g><\/g><\/svg>\t\t\t<\/span>\n\t\t\t\t\t\t<span class=\"elementor-button-text\">approfondisci<\/span>\n\t\t<\/span>\n\t\t\t\t\t<\/a>\n\t\t<\/div>\n\t\t\t\t<\/div>\n\t\t\t\t<\/div>\n\t\t\t\t\t<\/div>\n\t\t\t\t<\/div>\n\t\t<div class=\"elementor-element elementor-element-2ea73c3 e-flex e-con-boxed e-con\" data-id=\"2ea73c3\" data-element_type=\"container\" data-settings=\"{&quot;background_background&quot;:&quot;gradient&quot;,&quot;content_width&quot;:&quot;boxed&quot;}\">\n\t\t\t\t\t<div class=\"e-con-inner\">\n\t\t<div class=\"elementor-element elementor-element-cfca9f4 e-con-full e-flex e-con\" data-id=\"cfca9f4\" data-element_type=\"container\" data-settings=\"{&quot;content_width&quot;:&quot;full&quot;}\">\n\t\t\t\t<div class=\"elementor-element elementor-element-d4eeef5 elementor-widget elementor-widget-image\" data-id=\"d4eeef5\" data-element_type=\"widget\" data-widget_type=\"image.default\">\n\t\t\t\t<div class=\"elementor-widget-container\">\n\t\t\t\t\t\t\t\t\t\t\t\t\t\t\t<img loading=\"lazy\" decoding=\"async\" width=\"800\" height=\"534\" src=\"https:\/\/serveunai.it\/progetti\/wp-content\/uploads\/2023\/08\/SD2_3085-1024x683.webp\" class=\"attachment-large size-large wp-image-165\" alt=\"\" srcset=\"https:\/\/serveunai.it\/progetti\/wp-content\/uploads\/2023\/08\/SD2_3085-1024x683.webp 1024w, https:\/\/serveunai.it\/progetti\/wp-content\/uploads\/2023\/08\/SD2_3085-300x200.webp 300w, https:\/\/serveunai.it\/progetti\/wp-content\/uploads\/2023\/08\/SD2_3085-768x512.webp 768w, https:\/\/serveunai.it\/progetti\/wp-content\/uploads\/2023\/08\/SD2_3085-1536x1024.webp 1536w, https:\/\/serveunai.it\/progetti\/wp-content\/uploads\/2023\/08\/SD2_3085-2048x1366.webp 2048w\" sizes=\"auto, (max-width: 800px) 100vw, 800px\" \/>\t\t\t\t\t\t\t\t\t\t\t\t\t\t\t<\/div>\n\t\t\t\t<\/div>\n\t\t\t\t<\/div>\n\t\t<div class=\"elementor-element elementor-element-aa57429 e-con-full e-flex elementor-invisible e-con\" data-id=\"aa57429\" data-element_type=\"container\" data-settings=\"{&quot;content_width&quot;:&quot;full&quot;,&quot;animation&quot;:&quot;fadeInUp&quot;}\">\n\t\t\t\t<div class=\"elementor-element elementor-element-b1fe7ec elementor-widget elementor-widget-heading\" data-id=\"b1fe7ec\" data-element_type=\"widget\" data-widget_type=\"heading.default\">\n\t\t\t\t<div class=\"elementor-widget-container\">\n\t\t\t<h2 class=\"elementor-heading-title elementor-size-default\">progetto futura<\/h2>\t\t<\/div>\n\t\t\t\t<\/div>\n\t\t\t\t<div class=\"elementor-element elementor-element-ea6248f elementor-widget elementor-widget-text-editor\" data-id=\"ea6248f\" data-element_type=\"widget\" data-widget_type=\"text-editor.default\">\n\t\t\t\t<div class=\"elementor-widget-container\">\n\t\t\t\t\t\t\t<p>Il progetto Futura \u00e8 Terre di Comunit\u00e0 (radici per il futuro). Con il progetto Futura vogliamo creare una comunit\u00e0 resiliente e agro-produttiva, realizzare nuovi spazi all\u2019aperto di aggregazione e formazione per coltivare prodotti agricoli biodiversi nei terreni che circondano i paesi.<\/p>\t\t\t\t\t\t<\/div>\n\t\t\t\t<\/div>\n\t\t\t\t<div class=\"elementor-element elementor-element-3e03d6f elementor-align-left elementor-widget__width-initial elementor-widget elementor-widget-button\" data-id=\"3e03d6f\" data-element_type=\"widget\" data-widget_type=\"button.default\">\n\t\t\t\t<div class=\"elementor-widget-container\">\n\t\t\t\t\t<div class=\"elementor-button-wrapper\">\n\t\t\t<a class=\"elementor-button elementor-button-link elementor-size-sm\" href=\"https:\/\/serveunai.it\/progetti\/progetto-futura\/\">\n\t\t\t\t\t\t<span class=\"elementor-button-content-wrapper\">\n\t\t\t\t\t\t<span class=\"elementor-button-icon elementor-align-icon-right\">\n\t\t\t\t<svg xmlns=\"http:\/\/www.w3.org\/2000\/svg\" viewBox=\"0 0 10.28 12.56\"><title>Risorsa 3<\/title><g id=\"Livello_2\" data-name=\"Livello 2\"><g id=\"Livello_1-2\" data-name=\"Livello 1\"><path d=\"M.27,12.56c-.18,0-.27-.11-.27-.32V8.63a.41.41,0,0,1,.3-.42L5.41,6.38c.07,0,.1-.07.1-.11s0-.07-.1-.09L.3,4.35A.43.43,0,0,1,0,3.93V.32A.29.29,0,0,1,.14,0a.29.29,0,0,1,.31,0L10,4.18a.42.42,0,0,1,.27.42V8a.46.46,0,0,1-.27.42L.45,12.51Z\" style=\"fill: #c43333\"><\/path><\/g><\/g><\/svg>\t\t\t<\/span>\n\t\t\t\t\t\t<span class=\"elementor-button-text\">approfondisci<\/span>\n\t\t<\/span>\n\t\t\t\t\t<\/a>\n\t\t<\/div>\n\t\t\t\t<\/div>\n\t\t\t\t<\/div>\n\t\t\t\t<\/div>\n\t\t\t\t\t<\/div>\n\t\t\t\t<\/div>\n\t\t<div class=\"elementor-element elementor-element-407b5f1 e-flex e-con-boxed e-con\" data-id=\"407b5f1\" data-element_type=\"container\" data-settings=\"{&quot;background_background&quot;:&quot;gradient&quot;,&quot;content_width&quot;:&quot;boxed&quot;}\">\n\t\t\t\t\t<div class=\"e-con-inner\">\n\t\t<div class=\"elementor-element elementor-element-8dba820 e-con-full e-flex e-con\" data-id=\"8dba820\" data-element_type=\"container\" data-settings=\"{&quot;content_width&quot;:&quot;full&quot;}\">\n\t\t\t\t<div class=\"elementor-element elementor-element-94be28b elementor-widget elementor-widget-image\" data-id=\"94be28b\" data-element_type=\"widget\" data-widget_type=\"image.default\">\n\t\t\t\t<div class=\"elementor-widget-container\">\n\t\t\t\t\t\t\t\t\t\t\t\t\t\t\t<img loading=\"lazy\" decoding=\"async\" width=\"800\" height=\"534\" src=\"https:\/\/serveunai.it\/progetti\/wp-content\/uploads\/2024\/05\/progetto-rita-1-1024x683.webp\" class=\"attachment-large size-large wp-image-350\" alt=\"\" srcset=\"https:\/\/serveunai.it\/progetti\/wp-content\/uploads\/2024\/05\/progetto-rita-1-1024x683.webp 1024w, https:\/\/serveunai.it\/progetti\/wp-content\/uploads\/2024\/05\/progetto-rita-1-300x200.webp 300w, https:\/\/serveunai.it\/progetti\/wp-content\/uploads\/2024\/05\/progetto-rita-1-768x512.webp 768w, https:\/\/serveunai.it\/progetti\/wp-content\/uploads\/2024\/05\/progetto-rita-1-1536x1024.webp 1536w, https:\/\/serveunai.it\/progetti\/wp-content\/uploads\/2024\/05\/progetto-rita-1-2048x1366.webp 2048w\" sizes=\"auto, (max-width: 800px) 100vw, 800px\" \/>\t\t\t\t\t\t\t\t\t\t\t\t\t\t\t<\/div>\n\t\t\t\t<\/div>\n\t\t\t\t<\/div>\n\t\t<div class=\"elementor-element elementor-element-132db01 e-con-full e-flex elementor-invisible e-con\" data-id=\"132db01\" data-element_type=\"container\" data-settings=\"{&quot;content_width&quot;:&quot;full&quot;,&quot;animation&quot;:&quot;fadeInUp&quot;}\">\n\t\t\t\t<div class=\"elementor-element elementor-element-f3b1b2e elementor-widget elementor-widget-heading\" data-id=\"f3b1b2e\" data-element_type=\"widget\" data-widget_type=\"heading.default\">\n\t\t\t\t<div class=\"elementor-widget-container\">\n\t\t\t<h2 class=\"elementor-heading-title elementor-size-default\">progetto rita <\/h2>\t\t<\/div>\n\t\t\t\t<\/div>\n\t\t\t\t<div class=\"elementor-element elementor-element-940318e elementor-widget elementor-widget-text-editor\" data-id=\"940318e\" data-element_type=\"widget\" data-widget_type=\"text-editor.default\">\n\t\t\t\t<div class=\"elementor-widget-container\">\n\t\t\t\t\t\t\t<p>R.I.T.A. \u00e8 Rigenerazione Inclusione persone con disabilit\u00e0 e anziani, Territorio, Agricoltura.\u00a0 A San Pietro in Campo, nel comune di Barga, vogliamo recuperare alcuni edifici rurali degradati all\u2019interno del Podere ai Biagi, una fattoria sociale, e trasformarli in luoghi di ospitalit\u00e0 e accoglienza per persone con disabilit\u00e0 e in situazioni di svantaggio e vulnerabilit\u00e0 e per loro famiglie. Crediamo che l\u2019accoglienza e la sinergia con la comunit\u00e0 locale favorisca l\u2019inclusione e la partecipazione.<\/p>\t\t\t\t\t\t<\/div>\n\t\t\t\t<\/div>\n\t\t\t\t<div class=\"elementor-element elementor-element-4364864 elementor-align-left elementor-widget__width-initial elementor-widget elementor-widget-button\" data-id=\"4364864\" data-element_type=\"widget\" data-widget_type=\"button.default\">\n\t\t\t\t<div class=\"elementor-widget-container\">\n\t\t\t\t\t<div class=\"elementor-button-wrapper\">\n\t\t\t<a class=\"elementor-button elementor-button-link elementor-size-sm\" href=\"https:\/\/serveunai.it\/progetti\/progetto-rita\/\">\n\t\t\t\t\t\t<span class=\"elementor-button-content-wrapper\">\n\t\t\t\t\t\t<span class=\"elementor-button-icon elementor-align-icon-right\">\n\t\t\t\t<svg xmlns=\"http:\/\/www.w3.org\/2000\/svg\" viewBox=\"0 0 10.28 12.56\"><title>Risorsa 3<\/title><g id=\"Livello_2\" data-name=\"Livello 2\"><g id=\"Livello_1-2\" data-name=\"Livello 1\"><path d=\"M.27,12.56c-.18,0-.27-.11-.27-.32V8.63a.41.41,0,0,1,.3-.42L5.41,6.38c.07,0,.1-.07.1-.11s0-.07-.1-.09L.3,4.35A.43.43,0,0,1,0,3.93V.32A.29.29,0,0,1,.14,0a.29.29,0,0,1,.31,0L10,4.18a.42.42,0,0,1,.27.42V8a.46.46,0,0,1-.27.42L.45,12.51Z\" style=\"fill: #c43333\"><\/path><\/g><\/g><\/svg>\t\t\t<\/span>\n\t\t\t\t\t\t<span class=\"elementor-button-text\">approfondisci<\/span>\n\t\t<\/span>\n\t\t\t\t\t<\/a>\n\t\t<\/div>\n\t\t\t\t<\/div>\n\t\t\t\t<\/div>\n\t\t\t\t<\/div>\n\t\t\t\t\t<\/div>\n\t\t\t\t<\/div>\n\t\t<div class=\"elementor-element elementor-element-fcf69b1 e-flex e-con-boxed e-con\" data-id=\"fcf69b1\" data-element_type=\"container\" data-settings=\"{&quot;background_background&quot;:&quot;gradient&quot;,&quot;content_width&quot;:&quot;boxed&quot;}\">\n\t\t\t\t\t<div class=\"e-con-inner\">\n\t\t<div class=\"elementor-element elementor-element-874cdcc e-con-full e-flex e-con\" data-id=\"874cdcc\" data-element_type=\"container\" data-settings=\"{&quot;content_width&quot;:&quot;full&quot;}\">\n\t\t\t\t<div class=\"elementor-element elementor-element-77209a1 elementor-widget elementor-widget-image\" data-id=\"77209a1\" data-element_type=\"widget\" data-widget_type=\"image.default\">\n\t\t\t\t<div class=\"elementor-widget-container\">\n\t\t\t\t\t\t\t\t\t\t\t\t\t\t\t<img loading=\"lazy\" decoding=\"async\" width=\"800\" height=\"534\" src=\"https:\/\/serveunai.it\/progetti\/wp-content\/uploads\/2023\/08\/SD2_4308-1024x683.webp\" class=\"attachment-large size-large wp-image-200\" alt=\"\" srcset=\"https:\/\/serveunai.it\/progetti\/wp-content\/uploads\/2023\/08\/SD2_4308-1024x683.webp 1024w, https:\/\/serveunai.it\/progetti\/wp-content\/uploads\/2023\/08\/SD2_4308-300x200.webp 300w, https:\/\/serveunai.it\/progetti\/wp-content\/uploads\/2023\/08\/SD2_4308-768x512.webp 768w, https:\/\/serveunai.it\/progetti\/wp-content\/uploads\/2023\/08\/SD2_4308-1536x1024.webp 1536w, https:\/\/serveunai.it\/progetti\/wp-content\/uploads\/2023\/08\/SD2_4308-2048x1365.webp 2048w\" sizes=\"auto, (max-width: 800px) 100vw, 800px\" \/>\t\t\t\t\t\t\t\t\t\t\t\t\t\t\t<\/div>\n\t\t\t\t<\/div>\n\t\t\t\t<\/div>\n\t\t<div class=\"elementor-element elementor-element-89db44f e-con-full e-flex elementor-invisible e-con\" data-id=\"89db44f\" data-element_type=\"container\" data-settings=\"{&quot;content_width&quot;:&quot;full&quot;,&quot;animation&quot;:&quot;fadeInUp&quot;}\">\n\t\t\t\t<div class=\"elementor-element elementor-element-c89dfe6 elementor-widget elementor-widget-heading\" data-id=\"c89dfe6\" data-element_type=\"widget\" data-widget_type=\"heading.default\">\n\t\t\t\t<div class=\"elementor-widget-container\">\n\t\t\t<h2 class=\"elementor-heading-title elementor-size-default\">progetto idem<\/h2>\t\t<\/div>\n\t\t\t\t<\/div>\n\t\t\t\t<div class=\"elementor-element elementor-element-952d43a elementor-widget elementor-widget-text-editor\" data-id=\"952d43a\" data-element_type=\"widget\" data-widget_type=\"text-editor.default\">\n\t\t\t\t<div class=\"elementor-widget-container\">\n\t\t\t\t\t\t\t<p>Il progetto IDEM \u00e8 Identit\u00e0 e memoria e vuole valorizzare il patrimonio naturale e culturale del territorio appenninico che divide la Toscana dall\u2019Emilia Romagna.<\/p>\t\t\t\t\t\t<\/div>\n\t\t\t\t<\/div>\n\t\t\t\t<div class=\"elementor-element elementor-element-e71e337 elementor-align-left elementor-widget__width-initial elementor-widget elementor-widget-button\" data-id=\"e71e337\" data-element_type=\"widget\" id=\"button\" data-widget_type=\"button.default\">\n\t\t\t\t<div class=\"elementor-widget-container\">\n\t\t\t\t\t<div class=\"elementor-button-wrapper\">\n\t\t\t<a class=\"elementor-button elementor-button-link elementor-size-sm elementor-animation-shrink\" href=\"https:\/\/serveunai.it\/progetti\/progetto-idem\/\">\n\t\t\t\t\t\t<span class=\"elementor-button-content-wrapper\">\n\t\t\t\t\t\t<span class=\"elementor-button-icon elementor-align-icon-right\">\n\t\t\t\t<svg xmlns=\"http:\/\/www.w3.org\/2000\/svg\" viewBox=\"0 0 10.28 12.56\"><title>Risorsa 3<\/title><g id=\"Livello_2\" data-name=\"Livello 2\"><g id=\"Livello_1-2\" data-name=\"Livello 1\"><path d=\"M.27,12.56c-.18,0-.27-.11-.27-.32V8.63a.41.41,0,0,1,.3-.42L5.41,6.38c.07,0,.1-.07.1-.11s0-.07-.1-.09L.3,4.35A.43.43,0,0,1,0,3.93V.32A.29.29,0,0,1,.14,0a.29.29,0,0,1,.31,0L10,4.18a.42.42,0,0,1,.27.42V8a.46.46,0,0,1-.27.42L.45,12.51Z\" style=\"fill: #c43333\"><\/path><\/g><\/g><\/svg>\t\t\t<\/span>\n\t\t\t\t\t\t<span class=\"elementor-button-text\">approfondisci<\/span>\n\t\t<\/span>\n\t\t\t\t\t<\/a>\n\t\t<\/div>\n\t\t\t\t<\/div>\n\t\t\t\t<\/div>\n\t\t\t\t<\/div>\n\t\t\t\t\t<\/div>\n\t\t\t\t<\/div>\n\t\t<div class=\"elementor-element elementor-element-51aac73 e-flex e-con-boxed e-con\" data-id=\"51aac73\" data-element_type=\"container\" data-settings=\"{&quot;background_background&quot;:&quot;gradient&quot;,&quot;content_width&quot;:&quot;boxed&quot;}\">\n\t\t\t\t\t<div class=\"e-con-inner\">\n\t\t<div class=\"elementor-element elementor-element-ad2ccfc e-con-full e-flex e-con\" data-id=\"ad2ccfc\" data-element_type=\"container\" data-settings=\"{&quot;content_width&quot;:&quot;full&quot;}\">\n\t\t\t\t<div class=\"elementor-element elementor-element-5b0af74 elementor-widget elementor-widget-image\" data-id=\"5b0af74\" data-element_type=\"widget\" data-widget_type=\"image.default\">\n\t\t\t\t<div class=\"elementor-widget-container\">\n\t\t\t\t\t\t\t\t\t\t\t\t\t\t\t<img loading=\"lazy\" decoding=\"async\" width=\"800\" height=\"534\" src=\"https:\/\/serveunai.it\/progetti\/wp-content\/uploads\/2023\/08\/SD2_4692-1024x683.webp\" class=\"attachment-large size-large wp-image-217\" alt=\"\" srcset=\"https:\/\/serveunai.it\/progetti\/wp-content\/uploads\/2023\/08\/SD2_4692-1024x683.webp 1024w, https:\/\/serveunai.it\/progetti\/wp-content\/uploads\/2023\/08\/SD2_4692-300x200.webp 300w, https:\/\/serveunai.it\/progetti\/wp-content\/uploads\/2023\/08\/SD2_4692-768x512.webp 768w, https:\/\/serveunai.it\/progetti\/wp-content\/uploads\/2023\/08\/SD2_4692-1536x1024.webp 1536w, https:\/\/serveunai.it\/progetti\/wp-content\/uploads\/2023\/08\/SD2_4692-2048x1366.webp 2048w\" sizes=\"auto, (max-width: 800px) 100vw, 800px\" \/>\t\t\t\t\t\t\t\t\t\t\t\t\t\t\t<\/div>\n\t\t\t\t<\/div>\n\t\t\t\t<\/div>\n\t\t<div class=\"elementor-element elementor-element-122ec5c e-con-full e-flex elementor-invisible e-con\" data-id=\"122ec5c\" data-element_type=\"container\" data-settings=\"{&quot;content_width&quot;:&quot;full&quot;,&quot;animation&quot;:&quot;fadeInUp&quot;}\">\n\t\t\t\t<div class=\"elementor-element elementor-element-e5a84d5 elementor-widget elementor-widget-heading\" data-id=\"e5a84d5\" data-element_type=\"widget\" data-widget_type=\"heading.default\">\n\t\t\t\t<div class=\"elementor-widget-container\">\n\t\t\t<h2 class=\"elementor-heading-title elementor-size-default\">PROGETTO RICHIAMO DELL\u2019ALTA VERSILIA<\/h2>\t\t<\/div>\n\t\t\t\t<\/div>\n\t\t\t\t<div class=\"elementor-element elementor-element-756a3d0 elementor-widget elementor-widget-text-editor\" data-id=\"756a3d0\" data-element_type=\"widget\" data-widget_type=\"text-editor.default\">\n\t\t\t\t<div class=\"elementor-widget-container\">\n\t\t\t\t\t\t\t<p>Ricostruire la memoria e l\u2019identit\u00e0 delle comunit\u00e0 dei Paesi di Montagna dell\u2019\u2019Alta Versilia, in un dialogo fra antichi e nuovi residenti, fra anziani e giovani a partire dai ricordi legati alla castanicoltura e alla ruralit\u00e0 dell\u2019area: conservare la memoria, apprendere dei, promuoverla e regalarla al futuro.<\/p>\t\t\t\t\t\t<\/div>\n\t\t\t\t<\/div>\n\t\t\t\t<div class=\"elementor-element elementor-element-d303228 elementor-align-left elementor-widget__width-initial elementor-widget elementor-widget-button\" data-id=\"d303228\" data-element_type=\"widget\" data-widget_type=\"button.default\">\n\t\t\t\t<div class=\"elementor-widget-container\">\n\t\t\t\t\t<div class=\"elementor-button-wrapper\">\n\t\t\t<a class=\"elementor-button elementor-button-link elementor-size-sm\" href=\"https:\/\/serveunai.it\/progetti\/progetto-versilia\/\">\n\t\t\t\t\t\t<span class=\"elementor-button-content-wrapper\">\n\t\t\t\t\t\t<span class=\"elementor-button-icon elementor-align-icon-right\">\n\t\t\t\t<svg xmlns=\"http:\/\/www.w3.org\/2000\/svg\" viewBox=\"0 0 10.28 12.56\"><title>Risorsa 3<\/title><g id=\"Livello_2\" data-name=\"Livello 2\"><g id=\"Livello_1-2\" data-name=\"Livello 1\"><path d=\"M.27,12.56c-.18,0-.27-.11-.27-.32V8.63a.41.41,0,0,1,.3-.42L5.41,6.38c.07,0,.1-.07.1-.11s0-.07-.1-.09L.3,4.35A.43.43,0,0,1,0,3.93V.32A.29.29,0,0,1,.14,0a.29.29,0,0,1,.31,0L10,4.18a.42.42,0,0,1,.27.42V8a.46.46,0,0,1-.27.42L.45,12.51Z\" style=\"fill: #c43333\"><\/path><\/g><\/g><\/svg>\t\t\t<\/span>\n\t\t\t\t\t\t<span class=\"elementor-button-text\">approfondisci<\/span>\n\t\t<\/span>\n\t\t\t\t\t<\/a>\n\t\t<\/div>\n\t\t\t\t<\/div>\n\t\t\t\t<\/div>\n\t\t\t\t<\/div>\n\t\t\t\t\t<\/div>\n\t\t\t\t<\/div>\n\t\t\t\t\t\t\t<\/div>\n\t\t","protected":false},"excerpt":{"rendered":"<p>Vivi o vorresti vivere un paese rurale? Hai un\u2019Idea per ri-generarlo? Hai un progetto per valorizzare i beni comuni del nostro territorio? Sei un cittadino, un\u2019associazione, un\u2019impresa, una scuola, un ente pubblico?Fai rete. Partecipa ai laboratori. chi \u00e8 il gal? Il GAL MontagnAppenninp gestisce i fondi europei per lo sviluppo dei territori rurali e attua [&hellip;]<\/p>\n","protected":false},"author":1,"featured_media":0,"parent":0,"menu_order":0,"comment_status":"closed","ping_status":"closed","template":"","meta":{"footnotes":""},"class_list":["post-17","page","type-page","status-publish","hentry"],"_links":{"self":[{"href":"https:\/\/serveunai.it\/progetti\/wp-json\/wp\/v2\/pages\/17","targetHints":{"allow":["GET"]}}],"collection":[{"href":"https:\/\/serveunai.it\/progetti\/wp-json\/wp\/v2\/pages"}],"about":[{"href":"https:\/\/serveunai.it\/progetti\/wp-json\/wp\/v2\/types\/page"}],"author":[{"embeddable":true,"href":"https:\/\/serveunai.it\/progetti\/wp-json\/wp\/v2\/users\/1"}],"replies":[{"embeddable":true,"href":"https:\/\/serveunai.it\/progetti\/wp-json\/wp\/v2\/comments?post=17"}],"version-history":[{"count":64,"href":"https:\/\/serveunai.it\/progetti\/wp-json\/wp\/v2\/pages\/17\/revisions"}],"predecessor-version":[{"id":422,"href":"https:\/\/serveunai.it\/progetti\/wp-json\/wp\/v2\/pages\/17\/revisions\/422"}],"wp:attachment":[{"href":"https:\/\/serveunai.it\/progetti\/wp-json\/wp\/v2\/media?parent=17"}],"curies":[{"name":"wp","href":"https:\/\/api.w.org\/{rel}","templated":true}]}}